{"id":3474,"date":"2024-10-07T15:42:44","date_gmt":"2024-10-07T13:42:44","guid":{"rendered":"https:\/\/lecaracrose.ch\/datenschutzerklaerung\/"},"modified":"2025-09-19T08:37:41","modified_gmt":"2025-09-19T06:37:41","slug":"datenschutzerklaerung","status":"publish","type":"page","link":"https:\/\/lecaracrose.ch\/de\/datenschutzerklaerung\/","title":{"rendered":"Datenschutzerkl\u00e4rung"},"content":{"rendered":"\t\t<div data-elementor-type=\"wp-page\" data-elementor-id=\"3474\" class=\"elementor elementor-3474 elementor-1552\" data-elementor-post-type=\"page\">\n\t\t\t\t<div class=\"elementor-element elementor-element-f15292f e-flex e-con-boxed e-con e-parent\" data-id=\"f15292f\" data-element_type=\"container\" data-e-type=\"container\">\n\t\t\t\t\t<div class=\"e-con-inner\">\n\t\t\t\t<div class=\"elementor-element elementor-element-50e2dd1 elementor-widget elementor-widget-heading\" data-id=\"50e2dd1\" data-element_type=\"widget\" data-e-type=\"widget\" data-widget_type=\"heading.default\">\n\t\t\t\t<div class=\"elementor-widget-container\">\n\t\t\t\t\t<h1 class=\"elementor-heading-title elementor-size-default\">Datenschutzerkl\u00e4rung <\/h1>\t\t\t\t<\/div>\n\t\t\t\t<\/div>\n\t\t\t\t<div class=\"elementor-element elementor-element-c10a475 elementor-widget elementor-widget-text-editor\" data-id=\"c10a475\" data-element_type=\"widget\" data-e-type=\"widget\" data-widget_type=\"text-editor.default\">\n\t\t\t\t<div class=\"elementor-widget-container\">\n\t\t\t\t\t\t\t\t\t<h2>\u00dcber uns<\/h2><p><strong>Le Carac Rose<\/strong> unter der Adresse <a href=\"https:\/\/lecaracrose.ch\/de\/\">https:\/\/lecaracrose.ch\/<\/a><\/p><h2> <\/h2><h2>Welche Art von Informationen sammeln wir und wie sammeln wir sie?<\/h2><h3>Freiwillig bereitgestellte Informationen<\/h3><p>Die meisten der von uns verarbeiteten personenbezogenen Daten werden uns direkt von Ihnen aus einem der folgenden Gr\u00fcnde zur Verf\u00fcgung gestellt:<\/p><ul><li>Sie haben uns eine Nachricht \u00fcber das Kontaktformular gesendet<\/li><\/ul><h2>Automatisch erfasste Informationen<\/h2><p>W\u00e4hrend Ihres Besuchs auf unserer Website erfassen wir:<\/p><ul><li>Standort, IP-Adresse und Browsertyp. Diese Informationen nutzen wir zu Analysezwecken.<\/li><\/ul><h2> <\/h2><h2>Was wir mit den uns vorliegenden Informationen tun<\/h2><p>Wir erheben und verwenden personenbezogene Daten ausschliesslich f\u00fcr die Zwecke, f\u00fcr die sie bestimmt sind.<\/p><ul><li>Daten, die Sie \u00fcber das Kontaktformular bereitstellen, um Sie zu kontaktieren und Ihre Fragen zu beantworten. <\/li><\/ul><p><strong>Wir geben die Informationen, die wir von unseren Nutzern erhalten, nicht an andere Organisationen oder Einzelpersonen weiter, mit Ausnahme von sicheren Drittanbietern, die uns bei der Bereitstellung unserer Bestell- und Speicherdienste unterst\u00fctzen. Diese Anbieter sind unten aufgef\u00fchrt <\/strong><\/p><h2> <\/h2><h2>Gem\u00e4ss der Datenschutz-Grundverordnung (DSGVO) ist die Rechtsgrundlage, auf die wir uns bei der Verarbeitung dieser Informationen st\u00fctzen, die Einwilligung.<\/h2><p>Durch die Angabe Ihrer pers\u00f6nlichen Daten bei einem Kauf erkl\u00e4ren Sie sich damit einverstanden, dass wir Ihre pers\u00f6nlichen Daten ausschliesslich zum Zweck der Bearbeitung und Lieferung Ihrer Bestellung verarbeiten. Sie stimmen nicht zu, dass Ihre Daten f\u00fcr andere Zwecke verwendet oder an andere Personen oder Organisationen weitergegeben werden. <\/p><p>Sie haben die M\u00f6glichkeit, Ihre Einwilligung jederzeit zu widerrufen. Dazu k\u00f6nnen Sie sich an <a href=\"mailto:melanie.tanner@lecaracrose.ch\">melanie.tanner@lecaracrose.ch<\/a> wenden. <\/p><h2> <\/h2><h2>Welche Rechte haben Sie bez\u00fcglich Ihrer Daten?<\/h2><p>Wenn Sie ein Konto auf dieser Website haben oder Kommentare hinterlassen haben, k\u00f6nnen Sie eine exportierte Datei der personenbezogenen Daten anfordern, die wir \u00fcber Sie gespeichert haben, einschlie\u00dflich aller Informationen, die Sie uns zur Verf\u00fcgung gestellt haben. Sie k\u00f6nnen uns auch bitten, alle personenbezogenen Daten, die wir \u00fcber Sie gespeichert haben, zu l\u00f6schen. Dies umfasst keine Daten, die wir aus administrativen, rechtlichen oder Sicherheitsgr\u00fcnden aufbewahren m\u00fcssen.  <\/p><h2> <\/h2><h2>Ihre Datenschutzrechte<\/h2><p>Gem\u00e4ss Datenschutzgesetz haben Sie insbesondere die folgenden Rechte:<\/p><ul><li>Ihr Auskunftsrecht \u2013 Sie haben das Recht, von uns Kopien Ihrer<\/li><li>personenbezogenen Daten zu erhalten.<\/li><li>Ihr Recht auf Berichtigung \u2013 Sie haben das Recht, von uns die Berichtigung von Informationen zu verlangen, die Sie f\u00fcr unrichtig halten. Sie haben auch das Recht, von uns die Vervollst\u00e4ndigung von Informationen zu verlangen, die Sie f\u00fcr unvollst\u00e4ndig halten. <\/li><li>Ihr Recht auf L\u00f6schung \u2013 Sie haben das Recht, von uns unter bestimmten Umst\u00e4nden die L\u00f6schung Ihrer personenbezogenen Daten zu verlangen.<\/li><li>Ihr Recht auf Einschr\u00e4nkung der Verarbeitung \u2013 Sie haben das Recht, von uns unter bestimmten Umst\u00e4nden die Einschr\u00e4nkung der Verarbeitung Ihrer Daten zu verlangen.<\/li><li>Ihr Widerspruchsrecht gegen die Verarbeitung \u2013 Sie haben das Recht, unter bestimmten Umst\u00e4nden der Verarbeitung Ihrer personenbezogenen Daten zu widersprechen.<\/li><li>Ihr Recht auf Daten\u00fcbertragbarkeit \u2013 Sie haben das Recht, von uns unter bestimmten Umst\u00e4nden zu verlangen, dass wir die Daten, die Sie uns zur Verf\u00fcgung gestellt haben, an eine andere Organisation oder an Sie selbst weitergeben.<br>F\u00fcr die Aus\u00fcbung<\/li><li>Ihrer Rechte m\u00fcssen Sie keine Geb\u00fchren zahlen. Wenn Sie eine Anfrage stellen, haben wir einen Monat Zeit, um Ihnen zu antworten.<br>Bitte kontaktieren Sie uns unter <a href=\"mailto:melanie.tanner@lecaracrose.ch\">melanie.tanner@lecaracrose.ch<\/a>, wenn Sie einen Antrag stellen m\u00f6chten. <\/li><\/ul>\t\t\t\t\t\t\t\t<\/div>\n\t\t\t\t<\/div>\n\t\t\t\t\t<\/div>\n\t\t\t\t<\/div>\n\t\t\t\t<\/div>\n\t\t","protected":false},"excerpt":{"rendered":"<p>Datenschutzerkl\u00e4rung \u00dcber uns Le Carac Rose unter der Adresse https:\/\/lecaracrose.ch\/ Welche Art von Informationen sammeln wir und wie sammeln wir sie? Freiwillig bereitgestellte Informationen Die meisten der von uns verarbeiteten personenbezogenen Daten werden uns direkt von Ihnen aus einem der folgenden Gr\u00fcnde zur Verf\u00fcgung gestellt: Sie haben uns eine Nachricht \u00fcber das Kontaktformular gesendet Automatisch [&hellip;]<\/p>\n","protected":false},"author":10,"featured_media":0,"parent":0,"menu_order":0,"comment_status":"closed","ping_status":"closed","template":"","meta":{"_acf_changed":false,"footnotes":""},"class_list":["post-3474","page","type-page","status-publish","hentry"],"acf":[],"_links":{"self":[{"href":"https:\/\/lecaracrose.ch\/de\/wp-json\/wp\/v2\/pages\/3474","targetHints":{"allow":["GET"]}}],"collection":[{"href":"https:\/\/lecaracrose.ch\/de\/wp-json\/wp\/v2\/pages"}],"about":[{"href":"https:\/\/lecaracrose.ch\/de\/wp-json\/wp\/v2\/types\/page"}],"author":[{"embeddable":true,"href":"https:\/\/lecaracrose.ch\/de\/wp-json\/wp\/v2\/users\/10"}],"replies":[{"embeddable":true,"href":"https:\/\/lecaracrose.ch\/de\/wp-json\/wp\/v2\/comments?post=3474"}],"version-history":[{"count":1,"href":"https:\/\/lecaracrose.ch\/de\/wp-json\/wp\/v2\/pages\/3474\/revisions"}],"predecessor-version":[{"id":3475,"href":"https:\/\/lecaracrose.ch\/de\/wp-json\/wp\/v2\/pages\/3474\/revisions\/3475"}],"wp:attachment":[{"href":"https:\/\/lecaracrose.ch\/de\/wp-json\/wp\/v2\/media?parent=3474"}],"curies":[{"name":"wp","href":"https:\/\/api.w.org\/{rel}","templated":true}]}}